{"id":55,"date":"2019-11-21T10:46:23","date_gmt":"2019-11-21T09:46:23","guid":{"rendered":"https:\/\/neustrelitz-evangelisch.de\/?page_id=55"},"modified":"2023-03-10T20:58:00","modified_gmt":"2023-03-10T19:58:00","slug":"kiefernheide","status":"publish","type":"page","link":"https:\/\/neustrelitz-evangelisch.de\/index.php\/kiefernheide\/","title":{"rendered":"Gemeinde Kiefernheide"},"content":{"rendered":"<div class=\"wp-block-image\">\n<figure class=\"alignright size-large\"><a href=\"https:\/\/neustrelitz-evangelisch.de\/wp-content\/uploads\/2023\/03\/Kirchengemeinderat-Neustrelitz-Kiefernheide-scaled.jpg\" target=\"_blank\" rel=\"noopener noreferrer\"><img decoding=\"async\" loading=\"lazy\" width=\"1024\" height=\"674\" src=\"https:\/\/neustrelitz-evangelisch.de\/wp-content\/uploads\/2023\/03\/Kirchengemeinderat-Neustrelitz-Kiefernheide-1024x674.jpg\" alt=\"\" class=\"wp-image-2351\" srcset=\"https:\/\/neustrelitz-evangelisch.de\/wp-content\/uploads\/2023\/03\/Kirchengemeinderat-Neustrelitz-Kiefernheide-1024x674.jpg 1024w, https:\/\/neustrelitz-evangelisch.de\/wp-content\/uploads\/2023\/03\/Kirchengemeinderat-Neustrelitz-Kiefernheide-300x198.jpg 300w, https:\/\/neustrelitz-evangelisch.de\/wp-content\/uploads\/2023\/03\/Kirchengemeinderat-Neustrelitz-Kiefernheide-768x506.jpg 768w, https:\/\/neustrelitz-evangelisch.de\/wp-content\/uploads\/2023\/03\/Kirchengemeinderat-Neustrelitz-Kiefernheide-1536x1011.jpg 1536w, https:\/\/neustrelitz-evangelisch.de\/wp-content\/uploads\/2023\/03\/Kirchengemeinderat-Neustrelitz-Kiefernheide-2048x1348.jpg 2048w\" sizes=\"(max-width: 1024px) 100vw, 1024px\" \/><\/a><figcaption class=\"wp-element-caption\">Kirchengemeinderat Neustelitz-Kiefernheide (v. l. n. r.: Antje Wilke, Anneliese Handl, Reinhard Schiewe, Anke Pollex, Dieter M\u00fclling, Pn. Katharina Rosenow, Claudia Butzki-Pilch)<\/figcaption><\/figure><\/div>\n\n\n<p>Unsere Ev.-Luth. Kirchengemeinde Neustrelitz-Kiefernheide ist am Rande eines Neubaugebietes von Neustrelitz beheimatet. Seit 2010 sind wir mit der Kirchengemeinde Kratzeburg verbunden.<\/p>\n\n\n\n<p>Im r\u00e4umlichen Herzen unserer noch relativ jungen Kirchengemeinde (siehe geschichtlicher Abriss) befindet sich das Ensemble aus Kirche, Pfarrhaus und evangelischer Kindertagesst\u00e4tte \u201eKien\u00e4ppel\u201c. Durch diese Geb\u00e4ude- und Gel\u00e4ndeverbindung bieten sich vielf\u00e4ltige M\u00f6glichkeiten f\u00fcr ein buntes Veranstaltungsprogramm f\u00fcr Jung und Alt: J\u00e4hrliches Gemeindefest, regelm\u00e4\u00dfige Familiengottesdienste, Vorlesenacht, Highlight-Konzerte, Hubertusgottesdienst \u2026<\/p>\n\n\n\n<p>Wir freuen uns\nSie bei unseren Veranstaltungen begr\u00fc\u00dfen zu d\u00fcrfen. \n<\/p>\n\n\n\n<p>Und vielleicht\nhaben auch Sie selbst Ideen und\/oder Lust und Zeit mit zu gestalten? \n<\/p>\n\n\n\n<p>Herzlich willkommen!  <\/p>\n\n\n\n<h2><strong>Geschichtlicher\nAbriss <\/strong>\n<\/h2>\n\n\n<div class=\"wp-block-image\">\n<figure class=\"alignright size-medium is-resized\"><a href=\"https:\/\/neustrelitz-evangelisch.de\/wp-content\/uploads\/2019\/12\/kirche-neustrelitz-kiefernheide.jpg\" target=\"_blank\" rel=\"noreferrer noopener\"><img decoding=\"async\" src=\"https:\/\/neustrelitz-evangelisch.de\/wp-content\/uploads\/2019\/12\/kirche-neustrelitz-kiefernheide-300x214.jpg\" alt=\"\" class=\"wp-image-298\" width=\"360\" srcset=\"https:\/\/neustrelitz-evangelisch.de\/wp-content\/uploads\/2019\/12\/kirche-neustrelitz-kiefernheide-300x214.jpg 300w, https:\/\/neustrelitz-evangelisch.de\/wp-content\/uploads\/2019\/12\/kirche-neustrelitz-kiefernheide-1024x731.jpg 1024w, https:\/\/neustrelitz-evangelisch.de\/wp-content\/uploads\/2019\/12\/kirche-neustrelitz-kiefernheide-768x548.jpg 768w, https:\/\/neustrelitz-evangelisch.de\/wp-content\/uploads\/2019\/12\/kirche-neustrelitz-kiefernheide.jpg 1168w\" sizes=\"(max-width: 300px) 100vw, 300px\" \/><\/a><figcaption class=\"wp-element-caption\"> \u201e<em>Erkennbar, strahlend und mutig\u2026 ja, so soll Kirche sein!\u201c, so der Kommentar einer Betrachterin unserer Kirche. <\/em> <\/figcaption><\/figure><\/div>\n\n\n<p>\u2022 Nach 1945 war\ndie F\u00fcrsorge f\u00fcr Fl\u00fcchtlingsfamilien ein Schwerpunkt der\nkirchlichen Arbeit im Stadtteil Kiefernheide. Ein gro\u00dfes\nNeubaugebiet wurde erschlossen. Ca. 8000 Menschen siedelten sich hier\nneu an. \n<\/p>\n\n\n\n<p>\u2022 Am 27. Okt.\n1957 ist eine Holzkirchenbaracke in der heutigen Goethestra\u00dfe\neingeweiht worden.<\/p>\n\n\n\n<p>\u2022 1990-91 wurde\ndas Pfarrhaus gebaut, inklusiv eines kleinen Gemeinde- und\nGottesdienstraumes im Keller. \n<\/p>\n\n\n\n<p>\u2022 Am 01.\nJan. 1994 gr\u00fcndetet sich Neustrelitz-Kiefernheide als selbstst\u00e4ndige\nKirchengemeinde.<\/p>\n\n\n\n<p>\u2022 1997-98 wurde\ndie Kirchenbaracke abgerissen und das Kirchengemeindehauses gebaut,\neingeweiht am 05. April 1998. Im Jahr 2016 wurde das Geb\u00e4ude vom\nKirchenkreisrat als Kirche eingeordnet. \n<\/p>\n\n\n\n<p>\u2022 Im August 2019 bekam die Kirchenfront einen kr\u00e4ftig-gelben Anstrich und es wurde die Schrift \u201eEvangelisch-Lutherische Kirche Kiefernheide\u201c angebracht.  <\/p>\n","protected":false},"excerpt":{"rendered":"<p>Unsere Ev.-Luth. Kirchengemeinde Neustrelitz-Kiefernheide ist am Rande eines Neubaugebietes von Neustrelitz beheimatet. Seit 2010 sind wir mit der Kirchengemeinde Kratzeburg verbunden. Im r\u00e4umlichen Herzen unserer noch relativ jungen Kirchengemeinde (siehe geschichtlicher Abriss) befindet sich das Ensemble aus Kirche, Pfarrhaus und evangelischer Kindertagesst\u00e4tte \u201eKien\u00e4ppel\u201c. Durch diese Geb\u00e4ude- und Gel\u00e4ndeverbindung bieten sich vielf\u00e4ltige M\u00f6glichkeiten f\u00fcr ein buntes [&hellip;]<\/p>\n","protected":false},"author":1,"featured_media":0,"parent":0,"menu_order":0,"comment_status":"closed","ping_status":"closed","template":"page-full.php","meta":[],"_links":{"self":[{"href":"https:\/\/neustrelitz-evangelisch.de\/index.php\/wp-json\/wp\/v2\/pages\/55"}],"collection":[{"href":"https:\/\/neustrelitz-evangelisch.de\/index.php\/wp-json\/wp\/v2\/pages"}],"about":[{"href":"https:\/\/neustrelitz-evangelisch.de\/index.php\/wp-json\/wp\/v2\/types\/page"}],"author":[{"embeddable":true,"href":"https:\/\/neustrelitz-evangelisch.de\/index.php\/wp-json\/wp\/v2\/users\/1"}],"replies":[{"embeddable":true,"href":"https:\/\/neustrelitz-evangelisch.de\/index.php\/wp-json\/wp\/v2\/comments?post=55"}],"version-history":[{"count":24,"href":"https:\/\/neustrelitz-evangelisch.de\/index.php\/wp-json\/wp\/v2\/pages\/55\/revisions"}],"predecessor-version":[{"id":2385,"href":"https:\/\/neustrelitz-evangelisch.de\/index.php\/wp-json\/wp\/v2\/pages\/55\/revisions\/2385"}],"wp:attachment":[{"href":"https:\/\/neustrelitz-evangelisch.de\/index.php\/wp-json\/wp\/v2\/media?parent=55"}],"curies":[{"name":"wp","href":"https:\/\/api.w.org\/{rel}","templated":true}]}}